{"id":24,"date":"2016-04-15T11:15:49","date_gmt":"2016-04-15T09:15:49","guid":{"rendered":"http:\/\/localhost\/www\/sigmeo\/trener-osiedlowy-wordpress\/?page_id=24"},"modified":"2021-05-19T15:29:25","modified_gmt":"2021-05-19T13:29:25","slug":"partnerzy","status":"publish","type":"page","link":"https:\/\/trener.awf.poznan.pl\/osiedlowy\/partnerzy\/","title":{"rendered":"Partnerzy"},"content":{"rendered":"<p>Organizatorzy:<\/p>\n<table style=\"border-color: #ffffff;\" border=\"0\">\n<tbody>\n<tr>\n<td style=\"width: 340px; border-color: #ffffff;\" align=\"left\" valign=\"middle\"><img loading=\"lazy\" decoding=\"async\" class=\"alignnone size-medium wp-image-623\" src=\"http:\/\/trener.awf.poznan.pl\/osiedlowy\/wp-content\/uploads\/2021\/05\/LOGO_POZnan_PL_RGB_PNG-300x128.png\" alt=\"\" width=\"300\" height=\"128\" srcset=\"https:\/\/trener.awf.poznan.pl\/osiedlowy\/wp-content\/uploads\/2021\/05\/LOGO_POZnan_PL_RGB_PNG-300x128.png 300w, https:\/\/trener.awf.poznan.pl\/osiedlowy\/wp-content\/uploads\/2021\/05\/LOGO_POZnan_PL_RGB_PNG-768x327.png 768w, https:\/\/trener.awf.poznan.pl\/osiedlowy\/wp-content\/uploads\/2021\/05\/LOGO_POZnan_PL_RGB_PNG.png 891w\" sizes=\"(max-width: 300px) 100vw, 300px\" \/><\/td>\n<td style=\"width: 340px; border-color: #ffffff;\">Wydzia\u0142 Sportu Urz\u0119du Miasta Poznania -w ramach \u015brodk\u00f3w z Pozna\u0144skiego Bud\u017cetu Obywatelskiego<\/td>\n<\/tr>\n<tr>\n<td style=\"width: 340px; border-color: #ffffff;\" align=\"left\" valign=\"middle\"><\/td>\n<td style=\"width: 340px; border-color: #ffffff;\"><\/td>\n<\/tr>\n<tr>\n<td style=\"width: 340px; border-color: #ffffff;\" align=\"left\" valign=\"middle\"><img loading=\"lazy\" decoding=\"async\" class=\"alignnone wp-image-240\" src=\"http:\/\/trener.awf.poznan.pl\/osiedlowy\/wp-content\/uploads\/2016\/04\/logo_nap_dol.jpg\" alt=\"logo_nap_dol\" width=\"238\" height=\"149\" \/><\/td>\n<td style=\"width: 340px; border-color: #ffffff;\">Akademia Wychowania Fizycznego im. Eugeniusza Piaseckiego w Poznaniu jest odpowiedzialna merytorycznie za prawid\u0142owy przebieg i realizacj\u0119 projektu.<\/td>\n<\/tr>\n<tr>\n<td style=\"width: 340px; border-color: #ffffff;\">&nbsp;<\/p>\n<p><img loading=\"lazy\" decoding=\"async\" class=\"alignnone wp-image-241\" src=\"http:\/\/trener.awf.poznan.pl\/osiedlowy\/wp-content\/uploads\/2016\/04\/fundacja_awf_logo.jpg\" alt=\"fundacja_awf_logo\" width=\"283\" height=\"105\" \/><\/td>\n<td style=\"width: 340px; border-color: #ffffff;\">&nbsp;<\/p>\n<p>Fundacja na rzecz Akademii Wychowania Fizycznego im. E. Piaseckiego w Poznaniu jest instytucj\u0105 realizuj\u0105c\u0105 i rozliczaj\u0105c\u0105 program.<\/td>\n<\/tr>\n<\/tbody>\n<\/table>\n<p><strong>W najlepszy sprz\u0119t sportowy zaopatruje nas <a href=\"https:\/\/www.facebook.com\/Decathlonpoznan\">Decathlon Pozna\u0144.<\/a>\u00a0<\/strong><\/p>\n<p><a href=\"https:\/\/www.facebook.com\/Decathlonpoznan\"><img loading=\"lazy\" decoding=\"async\" class=\"alignnone size-medium wp-image-69\" src=\"http:\/\/trener.awf.poznan.pl\/osiedlowy\/wp-content\/uploads\/2016\/04\/640px-Decathlon_Logo-300x88.png\" alt=\"640px-Decathlon_Logo\" width=\"300\" height=\"88\" srcset=\"https:\/\/trener.awf.poznan.pl\/osiedlowy\/wp-content\/uploads\/2016\/04\/640px-Decathlon_Logo-300x88.png 300w, https:\/\/trener.awf.poznan.pl\/osiedlowy\/wp-content\/uploads\/2016\/04\/640px-Decathlon_Logo.png 640w\" sizes=\"(max-width: 300px) 100vw, 300px\" \/><\/a><\/p>\n<p>&nbsp;<\/p>\n<table style=\"border-color: #ffffff;\" border=\"0\" width=\"506\">\n<tbody>\n<tr style=\"height: 322px;\">\n<td style=\"border-color: #ffffff; height: 322px;\"><\/td>\n<td style=\"border-color: #ffffff; height: 322px;\"><\/td>\n<td style=\"border-color: #ffffff; height: 322px;\"><\/td>\n<\/tr>\n<\/tbody>\n<\/table>\n<p>&nbsp;<\/p>\n<table style=\"border-color: #ffffff;\" border=\"0\" width=\"509\">\n<tbody>\n<tr style=\"height: 18px;\">\n<td style=\"border-color: #ffffff; height: 18px;\"><\/td>\n<\/tr>\n<\/tbody>\n<\/table>\n","protected":false},"excerpt":{"rendered":"<p>Organizatorzy: Wydzia\u0142 Sportu Urz\u0119du Miasta Poznania -w ramach \u015brodk\u00f3w z Pozna\u0144skiego Bud\u017cetu Obywatelskiego Akademia Wychowania Fizycznego im. Eugeniusza Piaseckiego w Poznaniu jest odpowiedzialna merytorycznie za prawid\u0142owy przebieg i realizacj\u0119 projektu. &nbsp; &nbsp; Fundacja na rzecz Akademii Wychowania Fizycznego im. E. Piaseckiego w Poznaniu jest instytucj\u0105 realizuj\u0105c\u0105 i rozliczaj\u0105c\u0105 program. W najlepszy sprz\u0119t sportowy zaopatruje nas [&hellip;]<\/p>\n","protected":false},"author":1,"featured_media":0,"parent":0,"menu_order":0,"comment_status":"closed","ping_status":"closed","template":"","meta":{"footnotes":""},"_links":{"self":[{"href":"https:\/\/trener.awf.poznan.pl\/osiedlowy\/wp-json\/wp\/v2\/pages\/24"}],"collection":[{"href":"https:\/\/trener.awf.poznan.pl\/osiedlowy\/wp-json\/wp\/v2\/pages"}],"about":[{"href":"https:\/\/trener.awf.poznan.pl\/osiedlowy\/wp-json\/wp\/v2\/types\/page"}],"author":[{"embeddable":true,"href":"https:\/\/trener.awf.poznan.pl\/osiedlowy\/wp-json\/wp\/v2\/users\/1"}],"replies":[{"embeddable":true,"href":"https:\/\/trener.awf.poznan.pl\/osiedlowy\/wp-json\/wp\/v2\/comments?post=24"}],"version-history":[{"count":10,"href":"https:\/\/trener.awf.poznan.pl\/osiedlowy\/wp-json\/wp\/v2\/pages\/24\/revisions"}],"predecessor-version":[{"id":625,"href":"https:\/\/trener.awf.poznan.pl\/osiedlowy\/wp-json\/wp\/v2\/pages\/24\/revisions\/625"}],"wp:attachment":[{"href":"https:\/\/trener.awf.poznan.pl\/osiedlowy\/wp-json\/wp\/v2\/media?parent=24"}],"curies":[{"name":"wp","href":"https:\/\/api.w.org\/{rel}","templated":true}]}}